{"id":1432,"date":"2025-04-14T10:42:48","date_gmt":"2025-04-14T10:42:48","guid":{"rendered":"https:\/\/duca-di-venezia.ms2.decms.eu\/?page_id=1432"},"modified":"2025-09-04T12:26:21","modified_gmt":"2025-09-04T12:26:21","slug":"chambres","status":"publish","type":"page","link":"https:\/\/www.alducadivenezia.com\/fr\/chambres\/","title":{"rendered":"Chambres"},"content":{"rendered":"<p class=\"testointerno\">Les\u00a0<strong>chambres<\/strong>\u00a0de l\u2019<strong>h\u00f4tel<\/strong>\u00a0<strong><em>3 \u00e9toiles<\/em> Al Duca di Venezia\u00a0<\/strong>sont meubl\u00e9es dans le pur\u00a0<strong>style v\u00e9nitien<\/strong>. Si certaines arborent de s\u00e9duisants tons de rouge v\u00e9nitien et sont par\u00e9es de\u00a0<strong>velours<\/strong>\u00a0<strong>raffin\u00e9s<\/strong>, d\u2019autres se d\u00e9clinent autour de la\u00a0<strong>couleur ivoire<\/strong>\u00a0et du\u00a0<strong>verre de Murano,<\/strong>\u00a0d\u2019autres encore baignent dans la\u00a0<strong>lumi\u00e8re<\/strong>\u00a0naturelle qui r\u00e9chauffe les pi\u00e8ces mansard\u00e9es aux\u00a0<strong>poutres apparentes<\/strong>.<\/p>\n<p class=\"testointerno\">Spacieuses et \u00e9l\u00e9gantes, certaines chambres ont conserv\u00e9 leurs\u00a0<strong>carrelages \u00ab\u00a0\u00e0 la v\u00e9nitienne\u00a0\u00bb\u00a0<\/strong>et les autres sont poss\u00e8dent du parquet ancien en bois. Les splendides tissus damass\u00e9s de la d\u00e9coration cr\u00e9ent une atmosph\u00e8re suggestive qui renoue avec le\u00a0<strong>charme<\/strong>\u00a0d\u2019antan.<\/p>\n<p class=\"testointerno\">L\u2019<strong>h\u00f4tel<\/strong>\u00a0<strong>Al Duca di Venezia<\/strong>\u00a0est situ\u00e9 au c\u0153ur de Venise dans un quartier\u00a0<strong>calme<\/strong>\u00a0et tranquille, \u00e0 deux pas du Pont du Rialto<strong>,<\/strong>\u00a0de la\u00a0<strong>gare<\/strong>\u00a0ferroviaire et du\u00a0<strong>terminal des bus<\/strong>\u00a0de Piazzale Roma.<\/p>\n","protected":false},"excerpt":{"rendered":"<p>Les\u00a0chambres\u00a0de l\u2019h\u00f4tel\u00a03 \u00e9toiles Al Duca di Venezia\u00a0sont meubl\u00e9es dans le pur\u00a0style v\u00e9nitien. Si certaines arborent de s\u00e9duisants tons de rouge v\u00e9nitien et sont par\u00e9es de\u00a0velours\u00a0raffin\u00e9s, d\u2019autres se d\u00e9clinent autour de la\u00a0couleur ivoire\u00a0et du\u00a0verre de Murano,\u00a0d\u2019autres encore baignent dans la\u00a0lumi\u00e8re\u00a0naturelle qui r\u00e9chauffe les pi\u00e8ces mansard\u00e9es aux\u00a0poutres apparentes. Spacieuses et \u00e9l\u00e9gantes, certaines chambres ont conserv\u00e9 leurs\u00a0carrelages \u00ab\u00a0\u00e0 [&hellip;]<\/p>\n","protected":false},"author":12,"featured_media":459,"parent":0,"menu_order":5,"comment_status":"closed","ping_status":"closed","template":"template-rooms.php","meta":{"footnotes":""},"class_list":["post-1432","page","type-page","status-publish","has-post-thumbnail","hentry"],"yoast_head":"<!-- This site is optimized with the Yoast SEO plugin v27.3 - https:\/\/yoast.com\/product\/yoast-seo-wordpress\/ -->\n<title>Chambres &#8211; Hotel al Duca di Venezia<\/title>\n<meta name=\"description\" content=\"Les\u00a0chambres\u00a0de l\u2019h\u00f4tel\u00a03 \u00e9toiles Al Duca di Venezia\u00a0sont meubl\u00e9es dans le pur\u00a0style v\u00e9nitien. Si certaines arborent de s\u00e9duisants tons de rouge v\u00e9nitien et sont par\u00e9es de\u00a0velours\u00a0raffin\u00e9s, d\u2019autres se d\u00e9clinent autour de la\u00a0couleur ivoire\u00a0et du\u00a0verre de Murano,\u00a0d\u2019autres encore baignent dans la\u00a0lumi\u00e8re\u00a0naturelle qui r\u00e9chauffe les pi\u00e8ces mansard\u00e9es aux\u00a0poutres apparentes. Spacieuses et \u00e9l\u00e9gantes, certaines chambres ont conserv\u00e9 leurs\u00a0carrelages \u00ab\u00a0\u00e0 la v\u00e9nitienne\u00a0\u00bb\u00a0et les autres sont poss\u00e8dent du parquet ancien en bois\" \/>\n<meta name=\"robots\" content=\"index, follow, max-snippet:-1, max-image-preview:large, max-video-preview:-1\" \/>\n<link rel=\"canonical\" href=\"https:\/\/www.alducadivenezia.com\/fr\/chambres\/\" \/>\n<meta property=\"og:locale\" content=\"fr_FR\" \/>\n<meta property=\"og:type\" content=\"article\" \/>\n<meta property=\"og:title\" content=\"Chambres &#8211; Hotel al Duca di Venezia\" \/>\n<meta property=\"og:description\" content=\"Les\u00a0chambres\u00a0de l\u2019h\u00f4tel\u00a03 \u00e9toiles Al Duca di Venezia\u00a0sont meubl\u00e9es dans le pur\u00a0style v\u00e9nitien. Si certaines arborent de s\u00e9duisants tons de rouge v\u00e9nitien et sont par\u00e9es de\u00a0velours\u00a0raffin\u00e9s, d\u2019autres se d\u00e9clinent autour de la\u00a0couleur ivoire\u00a0et du\u00a0verre de Murano,\u00a0d\u2019autres encore baignent dans la\u00a0lumi\u00e8re\u00a0naturelle qui r\u00e9chauffe les pi\u00e8ces mansard\u00e9es aux\u00a0poutres apparentes. Spacieuses et \u00e9l\u00e9gantes, certaines chambres ont conserv\u00e9 leurs\u00a0carrelages \u00ab\u00a0\u00e0 la v\u00e9nitienne\u00a0\u00bb\u00a0et les autres sont poss\u00e8dent du parquet ancien en bois\" \/>\n<meta property=\"og:url\" content=\"https:\/\/www.alducadivenezia.com\/fr\/chambres\/\" \/>\n<meta property=\"og:site_name\" content=\"Hotel al Duca di Venezia\" \/>\n<meta property=\"article:modified_time\" content=\"2025-09-04T12:26:21+00:00\" \/>\n<meta property=\"og:image\" content=\"https:\/\/www.alducadivenezia.com\/wp-content\/uploads\/sites\/241\/2025\/05\/Al-Duca-78-Modifica.jpg\" \/>\n\t<meta property=\"og:image:width\" content=\"1802\" \/>\n\t<meta property=\"og:image:height\" content=\"1200\" \/>\n\t<meta property=\"og:image:type\" content=\"image\/jpeg\" \/>\n<meta name=\"twitter:card\" content=\"summary_large_image\" \/>\n<meta name=\"twitter:label1\" content=\"Dur\u00e9e de lecture estim\u00e9e\" \/>\n\t<meta name=\"twitter:data1\" content=\"1 minute\" \/>\n<script type=\"application\/ld+json\" class=\"yoast-schema-graph\">{\"@context\":\"https:\\\/\\\/schema.org\",\"@graph\":[{\"@type\":\"WebPage\",\"@id\":\"https:\\\/\\\/www.alducadivenezia.com\\\/fr\\\/chambres\\\/\",\"url\":\"https:\\\/\\\/www.alducadivenezia.com\\\/fr\\\/chambres\\\/\",\"name\":\"Chambres &#8211; Hotel al Duca di Venezia\",\"isPartOf\":{\"@id\":\"https:\\\/\\\/www.alducadivenezia.com\\\/fr\\\/#website\"},\"primaryImageOfPage\":{\"@id\":\"https:\\\/\\\/www.alducadivenezia.com\\\/fr\\\/chambres\\\/#primaryimage\"},\"image\":{\"@id\":\"https:\\\/\\\/www.alducadivenezia.com\\\/fr\\\/chambres\\\/#primaryimage\"},\"thumbnailUrl\":\"https:\\\/\\\/www.alducadivenezia.com\\\/wp-content\\\/uploads\\\/sites\\\/241\\\/2025\\\/05\\\/Al-Duca-78-Modifica.jpg\",\"datePublished\":\"2025-04-14T10:42:48+00:00\",\"dateModified\":\"2025-09-04T12:26:21+00:00\",\"description\":\"Les\u00a0chambres\u00a0de l\u2019h\u00f4tel\u00a03 \u00e9toiles Al Duca di Venezia\u00a0sont meubl\u00e9es dans le pur\u00a0style v\u00e9nitien. Si certaines arborent de s\u00e9duisants tons de rouge v\u00e9nitien et sont par\u00e9es de\u00a0velours\u00a0raffin\u00e9s, d\u2019autres se d\u00e9clinent autour de la\u00a0couleur ivoire\u00a0et du\u00a0verre de Murano,\u00a0d\u2019autres encore baignent dans la\u00a0lumi\u00e8re\u00a0naturelle qui r\u00e9chauffe les pi\u00e8ces mansard\u00e9es aux\u00a0poutres apparentes. Spacieuses et \u00e9l\u00e9gantes, certaines chambres ont conserv\u00e9 leurs\u00a0carrelages \u00ab\u00a0\u00e0 la v\u00e9nitienne\u00a0\u00bb\u00a0et les autres sont poss\u00e8dent du parquet ancien en bois\",\"breadcrumb\":{\"@id\":\"https:\\\/\\\/www.alducadivenezia.com\\\/fr\\\/chambres\\\/#breadcrumb\"},\"inLanguage\":\"fr-FR\",\"potentialAction\":[{\"@type\":\"ReadAction\",\"target\":[\"https:\\\/\\\/www.alducadivenezia.com\\\/fr\\\/chambres\\\/\"]}]},{\"@type\":\"ImageObject\",\"inLanguage\":\"fr-FR\",\"@id\":\"https:\\\/\\\/www.alducadivenezia.com\\\/fr\\\/chambres\\\/#primaryimage\",\"url\":\"https:\\\/\\\/www.alducadivenezia.com\\\/wp-content\\\/uploads\\\/sites\\\/241\\\/2025\\\/05\\\/Al-Duca-78-Modifica.jpg\",\"contentUrl\":\"https:\\\/\\\/www.alducadivenezia.com\\\/wp-content\\\/uploads\\\/sites\\\/241\\\/2025\\\/05\\\/Al-Duca-78-Modifica.jpg\",\"width\":1802,\"height\":1200},{\"@type\":\"BreadcrumbList\",\"@id\":\"https:\\\/\\\/www.alducadivenezia.com\\\/fr\\\/chambres\\\/#breadcrumb\",\"itemListElement\":[{\"@type\":\"ListItem\",\"position\":1,\"name\":\"Home\",\"item\":\"https:\\\/\\\/www.alducadivenezia.com\\\/fr\\\/\"},{\"@type\":\"ListItem\",\"position\":2,\"name\":\"Chambres\"}]},{\"@type\":\"WebSite\",\"@id\":\"https:\\\/\\\/www.alducadivenezia.com\\\/fr\\\/#website\",\"url\":\"https:\\\/\\\/www.alducadivenezia.com\\\/fr\\\/\",\"name\":\"Hotel al Duca di Venezia\",\"description\":\"Book a deluxe hotel In the historic center of Venice\",\"publisher\":{\"@id\":\"https:\\\/\\\/www.alducadivenezia.com\\\/fr\\\/#organization\"},\"alternateName\":\"Hotel al Duca di Venezia\",\"potentialAction\":[{\"@type\":\"SearchAction\",\"target\":{\"@type\":\"EntryPoint\",\"urlTemplate\":\"https:\\\/\\\/www.alducadivenezia.com\\\/fr\\\/?s={search_term_string}\"},\"query-input\":{\"@type\":\"PropertyValueSpecification\",\"valueRequired\":true,\"valueName\":\"search_term_string\"}}],\"inLanguage\":\"fr-FR\"},{\"@type\":\"Organization\",\"@id\":\"https:\\\/\\\/www.alducadivenezia.com\\\/fr\\\/#organization\",\"name\":\"Hotel al Duca di Venezia\",\"alternateName\":\"Hotel al Duca di Venezia\",\"url\":\"https:\\\/\\\/www.alducadivenezia.com\\\/fr\\\/\",\"logo\":{\"@type\":\"ImageObject\",\"inLanguage\":\"fr-FR\",\"@id\":\"https:\\\/\\\/www.alducadivenezia.com\\\/fr\\\/#\\\/schema\\\/logo\\\/image\\\/\",\"url\":\"https:\\\/\\\/duca-di-venezia.ms2.decms.eu\\\/wp-content\\\/uploads\\\/sites\\\/241\\\/2025\\\/04\\\/Screenshot-2023-08-24-114029.png\",\"contentUrl\":\"https:\\\/\\\/duca-di-venezia.ms2.decms.eu\\\/wp-content\\\/uploads\\\/sites\\\/241\\\/2025\\\/04\\\/Screenshot-2023-08-24-114029.png\",\"width\":201,\"height\":323,\"caption\":\"Hotel al Duca di Venezia\"},\"image\":{\"@id\":\"https:\\\/\\\/www.alducadivenezia.com\\\/fr\\\/#\\\/schema\\\/logo\\\/image\\\/\"},\"sameAs\":[\"https:\\\/\\\/www.instagram.com\\\/hotelalducadivenezia\\\/\"]}]}<\/script>\n<!-- \/ Yoast SEO plugin. -->","yoast_head_json":{"title":"Chambres &#8211; Hotel al Duca di Venezia","description":"Les\u00a0chambres\u00a0de l\u2019h\u00f4tel\u00a03 \u00e9toiles Al Duca di Venezia\u00a0sont meubl\u00e9es dans le pur\u00a0style v\u00e9nitien. Si certaines arborent de s\u00e9duisants tons de rouge v\u00e9nitien et sont par\u00e9es de\u00a0velours\u00a0raffin\u00e9s, d\u2019autres se d\u00e9clinent autour de la\u00a0couleur ivoire\u00a0et du\u00a0verre de Murano,\u00a0d\u2019autres encore baignent dans la\u00a0lumi\u00e8re\u00a0naturelle qui r\u00e9chauffe les pi\u00e8ces mansard\u00e9es aux\u00a0poutres apparentes. Spacieuses et \u00e9l\u00e9gantes, certaines chambres ont conserv\u00e9 leurs\u00a0carrelages \u00ab\u00a0\u00e0 la v\u00e9nitienne\u00a0\u00bb\u00a0et les autres sont poss\u00e8dent du parquet ancien en bois","robots":{"index":"index","follow":"follow","max-snippet":"max-snippet:-1","max-image-preview":"max-image-preview:large","max-video-preview":"max-video-preview:-1"},"canonical":"https:\/\/www.alducadivenezia.com\/fr\/chambres\/","og_locale":"fr_FR","og_type":"article","og_title":"Chambres &#8211; Hotel al Duca di Venezia","og_description":"Les\u00a0chambres\u00a0de l\u2019h\u00f4tel\u00a03 \u00e9toiles Al Duca di Venezia\u00a0sont meubl\u00e9es dans le pur\u00a0style v\u00e9nitien. Si certaines arborent de s\u00e9duisants tons de rouge v\u00e9nitien et sont par\u00e9es de\u00a0velours\u00a0raffin\u00e9s, d\u2019autres se d\u00e9clinent autour de la\u00a0couleur ivoire\u00a0et du\u00a0verre de Murano,\u00a0d\u2019autres encore baignent dans la\u00a0lumi\u00e8re\u00a0naturelle qui r\u00e9chauffe les pi\u00e8ces mansard\u00e9es aux\u00a0poutres apparentes. Spacieuses et \u00e9l\u00e9gantes, certaines chambres ont conserv\u00e9 leurs\u00a0carrelages \u00ab\u00a0\u00e0 la v\u00e9nitienne\u00a0\u00bb\u00a0et les autres sont poss\u00e8dent du parquet ancien en bois","og_url":"https:\/\/www.alducadivenezia.com\/fr\/chambres\/","og_site_name":"Hotel al Duca di Venezia","article_modified_time":"2025-09-04T12:26:21+00:00","og_image":[{"width":1802,"height":1200,"url":"https:\/\/www.alducadivenezia.com\/wp-content\/uploads\/sites\/241\/2025\/05\/Al-Duca-78-Modifica.jpg","type":"image\/jpeg"}],"twitter_card":"summary_large_image","twitter_misc":{"Dur\u00e9e de lecture estim\u00e9e":"1 minute"},"schema":{"@context":"https:\/\/schema.org","@graph":[{"@type":"WebPage","@id":"https:\/\/www.alducadivenezia.com\/fr\/chambres\/","url":"https:\/\/www.alducadivenezia.com\/fr\/chambres\/","name":"Chambres &#8211; Hotel al Duca di Venezia","isPartOf":{"@id":"https:\/\/www.alducadivenezia.com\/fr\/#website"},"primaryImageOfPage":{"@id":"https:\/\/www.alducadivenezia.com\/fr\/chambres\/#primaryimage"},"image":{"@id":"https:\/\/www.alducadivenezia.com\/fr\/chambres\/#primaryimage"},"thumbnailUrl":"https:\/\/www.alducadivenezia.com\/wp-content\/uploads\/sites\/241\/2025\/05\/Al-Duca-78-Modifica.jpg","datePublished":"2025-04-14T10:42:48+00:00","dateModified":"2025-09-04T12:26:21+00:00","description":"Les\u00a0chambres\u00a0de l\u2019h\u00f4tel\u00a03 \u00e9toiles Al Duca di Venezia\u00a0sont meubl\u00e9es dans le pur\u00a0style v\u00e9nitien. Si certaines arborent de s\u00e9duisants tons de rouge v\u00e9nitien et sont par\u00e9es de\u00a0velours\u00a0raffin\u00e9s, d\u2019autres se d\u00e9clinent autour de la\u00a0couleur ivoire\u00a0et du\u00a0verre de Murano,\u00a0d\u2019autres encore baignent dans la\u00a0lumi\u00e8re\u00a0naturelle qui r\u00e9chauffe les pi\u00e8ces mansard\u00e9es aux\u00a0poutres apparentes. Spacieuses et \u00e9l\u00e9gantes, certaines chambres ont conserv\u00e9 leurs\u00a0carrelages \u00ab\u00a0\u00e0 la v\u00e9nitienne\u00a0\u00bb\u00a0et les autres sont poss\u00e8dent du parquet ancien en bois","breadcrumb":{"@id":"https:\/\/www.alducadivenezia.com\/fr\/chambres\/#breadcrumb"},"inLanguage":"fr-FR","potentialAction":[{"@type":"ReadAction","target":["https:\/\/www.alducadivenezia.com\/fr\/chambres\/"]}]},{"@type":"ImageObject","inLanguage":"fr-FR","@id":"https:\/\/www.alducadivenezia.com\/fr\/chambres\/#primaryimage","url":"https:\/\/www.alducadivenezia.com\/wp-content\/uploads\/sites\/241\/2025\/05\/Al-Duca-78-Modifica.jpg","contentUrl":"https:\/\/www.alducadivenezia.com\/wp-content\/uploads\/sites\/241\/2025\/05\/Al-Duca-78-Modifica.jpg","width":1802,"height":1200},{"@type":"BreadcrumbList","@id":"https:\/\/www.alducadivenezia.com\/fr\/chambres\/#breadcrumb","itemListElement":[{"@type":"ListItem","position":1,"name":"Home","item":"https:\/\/www.alducadivenezia.com\/fr\/"},{"@type":"ListItem","position":2,"name":"Chambres"}]},{"@type":"WebSite","@id":"https:\/\/www.alducadivenezia.com\/fr\/#website","url":"https:\/\/www.alducadivenezia.com\/fr\/","name":"Hotel al Duca di Venezia","description":"Book a deluxe hotel In the historic center of Venice","publisher":{"@id":"https:\/\/www.alducadivenezia.com\/fr\/#organization"},"alternateName":"Hotel al Duca di Venezia","potentialAction":[{"@type":"SearchAction","target":{"@type":"EntryPoint","urlTemplate":"https:\/\/www.alducadivenezia.com\/fr\/?s={search_term_string}"},"query-input":{"@type":"PropertyValueSpecification","valueRequired":true,"valueName":"search_term_string"}}],"inLanguage":"fr-FR"},{"@type":"Organization","@id":"https:\/\/www.alducadivenezia.com\/fr\/#organization","name":"Hotel al Duca di Venezia","alternateName":"Hotel al Duca di Venezia","url":"https:\/\/www.alducadivenezia.com\/fr\/","logo":{"@type":"ImageObject","inLanguage":"fr-FR","@id":"https:\/\/www.alducadivenezia.com\/fr\/#\/schema\/logo\/image\/","url":"https:\/\/duca-di-venezia.ms2.decms.eu\/wp-content\/uploads\/sites\/241\/2025\/04\/Screenshot-2023-08-24-114029.png","contentUrl":"https:\/\/duca-di-venezia.ms2.decms.eu\/wp-content\/uploads\/sites\/241\/2025\/04\/Screenshot-2023-08-24-114029.png","width":201,"height":323,"caption":"Hotel al Duca di Venezia"},"image":{"@id":"https:\/\/www.alducadivenezia.com\/fr\/#\/schema\/logo\/image\/"},"sameAs":["https:\/\/www.instagram.com\/hotelalducadivenezia\/"]}]}},"acf":[],"_links":{"self":[{"href":"https:\/\/www.alducadivenezia.com\/fr\/wp-json\/wp\/v2\/pages\/1432","targetHints":{"allow":["GET"]}}],"collection":[{"href":"https:\/\/www.alducadivenezia.com\/fr\/wp-json\/wp\/v2\/pages"}],"about":[{"href":"https:\/\/www.alducadivenezia.com\/fr\/wp-json\/wp\/v2\/types\/page"}],"author":[{"embeddable":true,"href":"https:\/\/www.alducadivenezia.com\/fr\/wp-json\/wp\/v2\/users\/12"}],"replies":[{"embeddable":true,"href":"https:\/\/www.alducadivenezia.com\/fr\/wp-json\/wp\/v2\/comments?post=1432"}],"version-history":[{"count":0,"href":"https:\/\/www.alducadivenezia.com\/fr\/wp-json\/wp\/v2\/pages\/1432\/revisions"}],"wp:featuredmedia":[{"embeddable":true,"href":"https:\/\/www.alducadivenezia.com\/fr\/wp-json\/wp\/v2\/media\/459"}],"wp:attachment":[{"href":"https:\/\/www.alducadivenezia.com\/fr\/wp-json\/wp\/v2\/media?parent=1432"}],"curies":[{"name":"wp","href":"https:\/\/api.w.org\/{rel}","templated":true}]}}